{"id":10649,"date":"2023-02-08T15:13:57","date_gmt":"2023-02-08T14:13:57","guid":{"rendered":"https:\/\/www.blanville.com\/wines\/domaine-celtis\/"},"modified":"2025-04-15T10:56:54","modified_gmt":"2025-04-15T09:56:54","slug":"domaine-celtis","status":"publish","type":"page","link":"https:\/\/www.blanville.com\/en\/wines\/domaine-celtis\/","title":{"rendered":"Domaine des Celtis"},"content":{"rendered":"<div class=\"wBuilder_section wBuilder_intro\">\n<h1 class=\"wBuilder_heading\">Domaine des Celtis<\/h1>\n<p>Domaine des Celtis is located in the AOP Languedoc P\u00e9zenas appellation, near the eponymous town, stronghold of Moli\u00e8re and former capital of the local \u201c\u00c9tats G\u00e9n\u00e9raux\u201d of Languedoc. In 2018, this new Estate has come to expand the family of great terroir wines produced by Blanville, thus reaffirming Blanville willingness to place a spotlight on the diversity and richness of the appellations within the Languedoc wine region.\u00a0Domaine des Celtis consists of 3 carefully selected plots, totalling 8ha out of the 15ha which constitute the vineyard surrounding the Ch\u00e2teau de la Loubati\u00e8re. This castle was founded during the 15th century. Until recently purebred Arabian horses were raised in its barns.<\/p>\n<p>\u201cCeltis\u201d is the Latin name of Hackberry tree, this majestic tree very shady, typical of the region of P\u00e9zenas is particularly widespread in the AOP P\u00e9zenas wine appellation.<\/p>\n<\/div>\n<div class=\"wBuilder_section wBuilder_big_visu wBuilder_big_visu_left\">\n<div class=\"wBuilder_visuel wBuilder_visuel_inner_border\"><img class=\"lazyload\" alt=\"\" width=\"960\" height=\"540\" data-src=\"https:\/\/www.blanville.com\/wp-content\/uploads\/2021\/02\/img-3113-2-810x540.jpg\" \/><\/div>\n<div class=\"wBuilder_container\">\n<div class=\"wBuilder_content\">\n<p><strong>Domaine des Celtis : One estate, two distinct Terroirs<\/strong><\/p>\n<p>The first is represented by a plot of 1ha of one single piece, planted on a basalt plateau surrounded by woods and characterized by a strong presence of black and porous volcanic stones which contribute to the uniqueness of this terroir. It is from this unique plot that the cuv\u00e9e VOLCANO comes from : a dominant Syrah wine, a complex personality with aromas of violet, pepper, black fruits and chocolate, very juicy, with silky tannins offering a nice volume in the mouth.<\/p>\n<\/div>\n<\/div>\n<\/div>\n<div class=\"wBuilder_section wBuilder_big_visu wBuilder_big_visu_right\">\n<div class=\"wBuilder_container\">\n<div class=\"wBuilder_content\">\n<p>The second consists of two plots totalling 7ha, located on a plateau of Villafranchiens soil fairly homogeneous, which ochre and carmine colours, and characterized by the presence of many rolled pebbles of small cut.<\/p>\n<p>The DOMAINE DES CELTIS cuv\u00e9e is a red blend wine made of Syrah and Grenache Noir. It is characterized by marked aromas of red fruits, a supple and smooth taste balance, and a finish with a good length in the mouth.<\/p>\n<\/div>\n<\/div>\n<div class=\"wBuilder_visuel wBuilder_visuel_inner_border\"><img class=\"lazyload\" alt=\"\" width=\"960\" height=\"540\" data-src=\"https:\/\/www.blanville.com\/wp-content\/uploads\/2021\/02\/img-3150-2-810x540.jpg\" \/><\/div>\n<\/div>\n<div class=\"wBuilder_section wBuilder_big_visu wBuilder_big_visu_left\">\n<div class=\"wBuilder_visuel wBuilder_visuel_inner_border\"><img class=\"lazyload\" alt=\"\" width=\"960\" height=\"540\" data-src=\"https:\/\/www.blanville.com\/wp-content\/uploads\/2021\/02\/img-3230-scaled-810x540.jpg\" \/><\/div>\n<div class=\"wBuilder_container\">\n<div class=\"wBuilder_content\">\n<p>Cultivation and winemaking methods practiced at Domaine des Celtis are part of the continuity of practices that have always been promoted by Blanville : sustainable viticulture, respect of biodiversity, long maceration and ageing on the lees. As for the ageing, it is carried out in vats to preserve the freshness of the aromas while bringing a beautiful complexity to these two cuv\u00e9es which can be enjoyed young.<\/p>\n<p>Plot selection operated by Blanville in the Languedoc P\u00e9zenas appellation continues, and new wines from Domaine des Celtis could see the light in the coming years.<\/p>\n<\/div>\n<\/div>\n<\/div>\n<div class=\"wBuilder_section wBuilder_mag cuvees\">\n<ul>\n<li>\n<div class=\"wBuilder_visuel wBuilder_visuel_inner_border\"><img class=\"lazyload\" alt=\"\" width=\"600\" height=\"600\" data-src=\"https:\/\/www.blanville.com\/wp-content\/uploads\/2021\/02\/volcano-600x600.jpg\" \/><\/div>\n<div class=\"overlay wBuilder_visuel_inner_border\">\n<div class=\"tmp_padding\">\n<div class=\"full_height\"><\/div>\n<div class=\"vertical-center\">\n<h4 class=\"wBuilder_heading\">Volcano<\/h4>\n<p>Rouge : <span class=\"script\">Syrah<\/span><\/p>\n<p>Rendement : <span class=\"script\">25hl\/hect<\/span><\/p>\n<p>Elevage en cuve inox<\/p>\n<p class=\"btn-fiche\"><a href=\"https:\/\/www.blanville.com\/wp-content\/uploads\/2021\/02\/volcano-18-en.pdf\" target=\"_blank\" rel=\"noopener noreferrer\">Fiche produit<\/a><\/p>\n<\/div>\n<\/div>\n<\/div>\n<\/li>\n<li>\n<div class=\"wBuilder_visuel wBuilder_visuel_inner_border\"><img class=\"lazyload\" alt=\"\" width=\"600\" height=\"600\" data-src=\"https:\/\/www.blanville.com\/wp-content\/uploads\/2021\/02\/domaine-celtis-600x600.jpg\" \/><\/div>\n<div class=\"overlay wBuilder_visuel_inner_border\">\n<div class=\"tmp_padding\">\n<div class=\"full_height\"><\/div>\n<div class=\"vertical-center\">\n<h4 class=\"wBuilder_heading\">Domaine des Celtis<\/h4>\n<p>Terroir : <span class=\"script\">Vieux Chemin de Fer<\/span><\/p>\n<p>Rouge : <span class=\"script\">Syrah<\/span><\/p>\n<p>Rendement : <span class=\"script\">30hl\/hect<\/span><\/p>\n<p>Elevage en cuve inox<\/p>\n<p class=\"btn-fiche\"><a href=\"https:\/\/www.blanville.com\/wp-content\/uploads\/2021\/02\/domainedesceltis-18-en.pdf\" target=\"_blank\" rel=\"noopener noreferrer\">Fiche produit<\/a><\/p>\n<\/div>\n<\/div>\n<\/div>\n<\/li>\n<\/ul>\n<\/div>\n","protected":false},"excerpt":{"rendered":"<p>Domaine des Celtis Domaine des Celtis is located in the AOP Languedoc P\u00e9zenas appellation, near the eponymous town, stronghold of Moli\u00e8re and former capital of the local \u201c\u00c9tats G\u00e9n\u00e9raux\u201d of Languedoc. In 2018, this new Estate has come to expand the family of great terroir wines produced by Blanville, thus reaffirming Blanville willingness to place [&hellip;]<\/p>\n","protected":false},"author":3,"featured_media":0,"parent":3374,"menu_order":3,"comment_status":"closed","ping_status":"closed","template":"template-builder.php","meta":{"_acf_changed":false,"footnotes":""},"class_list":["post-10649","page","type-page","status-publish","hentry"],"acf":[],"yoast_head":"<!-- This site is optimized with the Yoast SEO plugin v27.0 - https:\/\/yoast.com\/product\/yoast-seo-wordpress\/ -->\n<title>Domaine des Celtis &#8211; Ch\u00e2teau Haut-Blanville \u2014 Languedoc Wines<\/title>\n<meta name=\"robots\" content=\"index, follow, max-snippet:-1, max-image-preview:large, max-video-preview:-1\" \/>\n<link rel=\"canonical\" href=\"https:\/\/www.blanville.com\/en\/wines\/domaine-celtis\/\" \/>\n<meta property=\"og:locale\" content=\"en_US\" \/>\n<meta property=\"og:type\" content=\"article\" \/>\n<meta property=\"og:title\" content=\"Domaine des Celtis &#8211; Ch\u00e2teau Haut-Blanville \u2014 Languedoc Wines\" \/>\n<meta property=\"og:description\" content=\"Domaine des Celtis Domaine des Celtis is located in the AOP Languedoc P\u00e9zenas appellation, near the eponymous town, stronghold of Moli\u00e8re and former capital of the local \u201c\u00c9tats G\u00e9n\u00e9raux\u201d of Languedoc. In 2018, this new Estate has come to expand the family of great terroir wines produced by Blanville, thus reaffirming Blanville willingness to place [&hellip;]\" \/>\n<meta property=\"og:url\" content=\"https:\/\/www.blanville.com\/en\/wines\/domaine-celtis\/\" \/>\n<meta property=\"og:site_name\" content=\"Ch\u00e2teau Haut-Blanville \u2014 Languedoc Wines\" \/>\n<meta property=\"article:publisher\" content=\"https:\/\/www.facebook.com\/vinsblanville\/\" \/>\n<meta property=\"article:modified_time\" content=\"2025-04-15T09:56:54+00:00\" \/>\n<meta property=\"og:image\" content=\"https:\/\/www.blanville.com\/wp-content\/uploads\/2021\/02\/img-3113-2-810x540.jpg\" \/>\n<meta name=\"twitter:card\" content=\"summary_large_image\" \/>\n<meta name=\"twitter:site\" content=\"@Vins_Blanville\" \/>\n<meta name=\"twitter:label1\" content=\"Est. reading time\" \/>\n\t<meta name=\"twitter:data1\" content=\"4 minutes\" \/>\n<script type=\"application\/ld+json\" class=\"yoast-schema-graph\">{\"@context\":\"https:\/\/schema.org\",\"@graph\":[{\"@type\":\"WebPage\",\"@id\":\"https:\/\/www.blanville.com\/en\/wines\/domaine-celtis\/\",\"url\":\"https:\/\/www.blanville.com\/en\/wines\/domaine-celtis\/\",\"name\":\"Domaine des Celtis &#8211; Ch\u00e2teau Haut-Blanville \u2014 Languedoc Wines\",\"isPartOf\":{\"@id\":\"https:\/\/www.blanville.com\/#website\"},\"primaryImageOfPage\":{\"@id\":\"https:\/\/www.blanville.com\/en\/wines\/domaine-celtis\/#primaryimage\"},\"image\":{\"@id\":\"https:\/\/www.blanville.com\/en\/wines\/domaine-celtis\/#primaryimage\"},\"thumbnailUrl\":\"https:\/\/www.blanville.com\/wp-content\/uploads\/2021\/02\/img-3113-2-810x540.jpg\",\"datePublished\":\"2023-02-08T14:13:57+00:00\",\"dateModified\":\"2025-04-15T09:56:54+00:00\",\"breadcrumb\":{\"@id\":\"https:\/\/www.blanville.com\/en\/wines\/domaine-celtis\/#breadcrumb\"},\"inLanguage\":\"en-US\",\"potentialAction\":[{\"@type\":\"ReadAction\",\"target\":[\"https:\/\/www.blanville.com\/en\/wines\/domaine-celtis\/\"]}]},{\"@type\":\"ImageObject\",\"inLanguage\":\"en-US\",\"@id\":\"https:\/\/www.blanville.com\/en\/wines\/domaine-celtis\/#primaryimage\",\"url\":\"https:\/\/www.blanville.com\/wp-content\/uploads\/2021\/02\/img-3113-2-810x540.jpg\",\"contentUrl\":\"https:\/\/www.blanville.com\/wp-content\/uploads\/2021\/02\/img-3113-2-810x540.jpg\"},{\"@type\":\"BreadcrumbList\",\"@id\":\"https:\/\/www.blanville.com\/en\/wines\/domaine-celtis\/#breadcrumb\",\"itemListElement\":[{\"@type\":\"ListItem\",\"position\":1,\"name\":\"Blanville\",\"item\":\"https:\/\/www.blanville.com\/en\/\"},{\"@type\":\"ListItem\",\"position\":2,\"name\":\"Our Wines\",\"item\":\"https:\/\/www.blanville.com\/en\/wines\/\"},{\"@type\":\"ListItem\",\"position\":3,\"name\":\"Domaine des Celtis\"}]},{\"@type\":\"WebSite\",\"@id\":\"https:\/\/www.blanville.com\/#website\",\"url\":\"https:\/\/www.blanville.com\/\",\"name\":\"Ch\u00e2teau Haut-Blanville \u2014 Languedoc Wines\",\"description\":\"Gr\u00e9s de Montpellier Vineyard in Languedoc\",\"potentialAction\":[{\"@type\":\"SearchAction\",\"target\":{\"@type\":\"EntryPoint\",\"urlTemplate\":\"https:\/\/www.blanville.com\/?s={search_term_string}\"},\"query-input\":{\"@type\":\"PropertyValueSpecification\",\"valueRequired\":true,\"valueName\":\"search_term_string\"}}],\"inLanguage\":\"en-US\"}]}<\/script>\n<!-- \/ Yoast SEO plugin. -->","yoast_head_json":{"title":"Domaine des Celtis &#8211; Ch\u00e2teau Haut-Blanville \u2014 Languedoc Wines","robots":{"index":"index","follow":"follow","max-snippet":"max-snippet:-1","max-image-preview":"max-image-preview:large","max-video-preview":"max-video-preview:-1"},"canonical":"https:\/\/www.blanville.com\/en\/wines\/domaine-celtis\/","og_locale":"en_US","og_type":"article","og_title":"Domaine des Celtis &#8211; Ch\u00e2teau Haut-Blanville \u2014 Languedoc Wines","og_description":"Domaine des Celtis Domaine des Celtis is located in the AOP Languedoc P\u00e9zenas appellation, near the eponymous town, stronghold of Moli\u00e8re and former capital of the local \u201c\u00c9tats G\u00e9n\u00e9raux\u201d of Languedoc. In 2018, this new Estate has come to expand the family of great terroir wines produced by Blanville, thus reaffirming Blanville willingness to place [&hellip;]","og_url":"https:\/\/www.blanville.com\/en\/wines\/domaine-celtis\/","og_site_name":"Ch\u00e2teau Haut-Blanville \u2014 Languedoc Wines","article_publisher":"https:\/\/www.facebook.com\/vinsblanville\/","article_modified_time":"2025-04-15T09:56:54+00:00","og_image":[{"url":"https:\/\/www.blanville.com\/wp-content\/uploads\/2021\/02\/img-3113-2-810x540.jpg","type":"","width":"","height":""}],"twitter_card":"summary_large_image","twitter_site":"@Vins_Blanville","twitter_misc":{"Est. reading time":"4 minutes"},"schema":{"@context":"https:\/\/schema.org","@graph":[{"@type":"WebPage","@id":"https:\/\/www.blanville.com\/en\/wines\/domaine-celtis\/","url":"https:\/\/www.blanville.com\/en\/wines\/domaine-celtis\/","name":"Domaine des Celtis &#8211; Ch\u00e2teau Haut-Blanville \u2014 Languedoc Wines","isPartOf":{"@id":"https:\/\/www.blanville.com\/#website"},"primaryImageOfPage":{"@id":"https:\/\/www.blanville.com\/en\/wines\/domaine-celtis\/#primaryimage"},"image":{"@id":"https:\/\/www.blanville.com\/en\/wines\/domaine-celtis\/#primaryimage"},"thumbnailUrl":"https:\/\/www.blanville.com\/wp-content\/uploads\/2021\/02\/img-3113-2-810x540.jpg","datePublished":"2023-02-08T14:13:57+00:00","dateModified":"2025-04-15T09:56:54+00:00","breadcrumb":{"@id":"https:\/\/www.blanville.com\/en\/wines\/domaine-celtis\/#breadcrumb"},"inLanguage":"en-US","potentialAction":[{"@type":"ReadAction","target":["https:\/\/www.blanville.com\/en\/wines\/domaine-celtis\/"]}]},{"@type":"ImageObject","inLanguage":"en-US","@id":"https:\/\/www.blanville.com\/en\/wines\/domaine-celtis\/#primaryimage","url":"https:\/\/www.blanville.com\/wp-content\/uploads\/2021\/02\/img-3113-2-810x540.jpg","contentUrl":"https:\/\/www.blanville.com\/wp-content\/uploads\/2021\/02\/img-3113-2-810x540.jpg"},{"@type":"BreadcrumbList","@id":"https:\/\/www.blanville.com\/en\/wines\/domaine-celtis\/#breadcrumb","itemListElement":[{"@type":"ListItem","position":1,"name":"Blanville","item":"https:\/\/www.blanville.com\/en\/"},{"@type":"ListItem","position":2,"name":"Our Wines","item":"https:\/\/www.blanville.com\/en\/wines\/"},{"@type":"ListItem","position":3,"name":"Domaine des Celtis"}]},{"@type":"WebSite","@id":"https:\/\/www.blanville.com\/#website","url":"https:\/\/www.blanville.com\/","name":"Ch\u00e2teau Haut-Blanville \u2014 Languedoc Wines","description":"Gr\u00e9s de Montpellier Vineyard in Languedoc","potentialAction":[{"@type":"SearchAction","target":{"@type":"EntryPoint","urlTemplate":"https:\/\/www.blanville.com\/?s={search_term_string}"},"query-input":{"@type":"PropertyValueSpecification","valueRequired":true,"valueName":"search_term_string"}}],"inLanguage":"en-US"}]}},"_links":{"self":[{"href":"https:\/\/www.blanville.com\/en\/wp-json\/wp\/v2\/pages\/10649","targetHints":{"allow":["GET"]}}],"collection":[{"href":"https:\/\/www.blanville.com\/en\/wp-json\/wp\/v2\/pages"}],"about":[{"href":"https:\/\/www.blanville.com\/en\/wp-json\/wp\/v2\/types\/page"}],"author":[{"embeddable":true,"href":"https:\/\/www.blanville.com\/en\/wp-json\/wp\/v2\/users\/3"}],"replies":[{"embeddable":true,"href":"https:\/\/www.blanville.com\/en\/wp-json\/wp\/v2\/comments?post=10649"}],"version-history":[{"count":11,"href":"https:\/\/www.blanville.com\/en\/wp-json\/wp\/v2\/pages\/10649\/revisions"}],"predecessor-version":[{"id":11540,"href":"https:\/\/www.blanville.com\/en\/wp-json\/wp\/v2\/pages\/10649\/revisions\/11540"}],"up":[{"embeddable":true,"href":"https:\/\/www.blanville.com\/en\/wp-json\/wp\/v2\/pages\/3374"}],"wp:attachment":[{"href":"https:\/\/www.blanville.com\/en\/wp-json\/wp\/v2\/media?parent=10649"}],"curies":[{"name":"wp","href":"https:\/\/api.w.org\/{rel}","templated":true}]}}